{"id":3289,"date":"2021-11-06T19:09:39","date_gmt":"2021-11-06T19:09:39","guid":{"rendered":"https:\/\/patiocanelas.com\/patiowp\/?page_id=3289"},"modified":"2022-06-17T19:02:06","modified_gmt":"2022-06-17T19:02:06","slug":"trips-aveiro-pt","status":"publish","type":"page","link":"https:\/\/patiocanelas.com\/patiowp\/pt\/trips-aveiro-pt\/","title":{"rendered":"Trips Aveiro PT"},"content":{"rendered":"\t\t<div data-elementor-type=\"wp-post\" data-elementor-id=\"3289\" class=\"elementor elementor-3289\" data-elementor-post-type=\"page\">\n\t\t\t\t\t\t<section class=\"elementor-section elementor-top-section elementor-element elementor-element-9f5afba elementor-section-full_width elementor-section-height-default elementor-section-height-default\" data-id=\"9f5afba\" data-element_type=\"section\">\n\t\t\t\t\t\t<div class=\"elementor-container elementor-column-gap-default\">\n\t\t\t\t\t<div class=\"elementor-column elementor-col-100 elementor-top-column elementor-element elementor-element-0b6cd5c\" data-id=\"0b6cd5c\" data-element_type=\"column\">\n\t\t\t<div class=\"elementor-widget-wrap elementor-element-populated\">\n\t\t\t\t\t\t<section class=\"elementor-section elementor-inner-section elementor-element elementor-element-8dbd857 elementor-section-boxed elementor-section-height-default elementor-section-height-default\" data-id=\"8dbd857\" data-element_type=\"section\">\n\t\t\t\t\t\t<div class=\"elementor-container elementor-column-gap-default\">\n\t\t\t\t\t<div class=\"elementor-column elementor-col-50 elementor-inner-column elementor-element elementor-element-ae1c8b4\" data-id=\"ae1c8b4\" data-element_type=\"column\">\n\t\t\t<div class=\"elementor-widget-wrap elementor-element-populated\">\n\t\t\t\t\t\t<div class=\"elementor-element elementor-element-0ca7ab3 elementor-widget elementor-widget-heading\" data-id=\"0ca7ab3\" data-element_type=\"widget\" data-widget_type=\"heading.default\">\n\t\t\t\t<div class=\"elementor-widget-container\">\n\t\t\t\t\t<h2 class=\"elementor-heading-title elementor-size-default\">Sugest\u00e3o de Passeios - AVEIRO e RIA<\/h2>\t\t\t\t<\/div>\n\t\t\t\t<\/div>\n\t\t\t\t<div class=\"elementor-element elementor-element-b1e3fdb elementor-widget elementor-widget-heading\" data-id=\"b1e3fdb\" data-element_type=\"widget\" data-widget_type=\"heading.default\">\n\t\t\t\t<div class=\"elementor-widget-container\">\n\t\t\t\t\t<h4 class=\"elementor-heading-title elementor-size-default\">Click no canto superior direito de cada mapa para ver a p\u00e1gina inteira.<\/h4>\t\t\t\t<\/div>\n\t\t\t\t<\/div>\n\t\t\t\t\t<\/div>\n\t\t<\/div>\n\t\t\t\t<div class=\"elementor-column elementor-col-50 elementor-inner-column elementor-element elementor-element-891d175\" data-id=\"891d175\" data-element_type=\"column\">\n\t\t\t<div class=\"elementor-widget-wrap elementor-element-populated\">\n\t\t\t\t\t\t<div class=\"elementor-element elementor-element-0494205 elementor-widget elementor-widget-image\" data-id=\"0494205\" data-element_type=\"widget\" data-widget_type=\"image.default\">\n\t\t\t\t<div class=\"elementor-widget-container\">\n\t\t\t\t\t\t\t\t\t\t\t\t<figure class=\"wp-caption\">\n\t\t\t\t\t\t\t\t\t\t\t<a href=\"https:\/\/patiocanelas.com\/patiowp\/pt\/trips-pt\/\">\n\t\t\t\t\t\t\t<img decoding=\"async\" src=\"https:\/\/patiocanelas.com\/patiowp\/wp-content\/uploads\/elementor\/thumbs\/mapa2-pfj4z3rq2gul8hovglai6fdcxmnhep573b91lq6gio.jpg\" title=\"mapa2\" alt=\"mapa2\" loading=\"lazy\" \/>\t\t\t\t\t\t\t\t<\/a>\n\t\t\t\t\t\t\t\t\t\t\t<figcaption class=\"widget-image-caption wp-caption-text\">Passeios<\/figcaption>\n\t\t\t\t\t\t\t\t\t\t<\/figure>\n\t\t\t\t\t\t\t\t\t<\/div>\n\t\t\t\t<\/div>\n\t\t\t\t\t<\/div>\n\t\t<\/div>\n\t\t\t\t\t<\/div>\n\t\t<\/section>\n\t\t\t\t\t<\/div>\n\t\t<\/div>\n\t\t\t\t\t<\/div>\n\t\t<\/section>\n\t\t\t\t<section class=\"elementor-section elementor-top-section elementor-element elementor-element-dbb2130 elementor-section-full_width elementor-section-height-default elementor-section-height-default\" data-id=\"dbb2130\" data-element_type=\"section\">\n\t\t\t\t\t\t<div class=\"elementor-container elementor-column-gap-wider\">\n\t\t\t\t\t<div class=\"elementor-column elementor-col-100 elementor-top-column elementor-element elementor-element-3310cb3\" data-id=\"3310cb3\" data-element_type=\"column\">\n\t\t\t<div class=\"elementor-widget-wrap elementor-element-populated\">\n\t\t\t\t\t\t<div class=\"elementor-element elementor-element-b6812f1 elementor-widget elementor-widget-heading\" data-id=\"b6812f1\" data-element_type=\"widget\" data-widget_type=\"heading.default\">\n\t\t\t\t<div class=\"elementor-widget-container\">\n\t\t\t\t\t<h2 class=\"elementor-heading-title elementor-size-default\">AVEIRO Regi\u00e3o Norte<\/h2>\t\t\t\t<\/div>\n\t\t\t\t<\/div>\n\t\t\t\t<section class=\"elementor-section elementor-inner-section elementor-element elementor-element-e2beb13 elementor-section-full_width elementor-section-height-default elementor-section-height-default\" data-id=\"e2beb13\" data-element_type=\"section\">\n\t\t\t\t\t\t<div class=\"elementor-container elementor-column-gap-default\">\n\t\t\t\t\t<div class=\"elementor-column elementor-col-33 elementor-inner-column elementor-element elementor-element-ba12b45\" data-id=\"ba12b45\" data-element_type=\"column\">\n\t\t\t<div class=\"elementor-widget-wrap elementor-element-populated\">\n\t\t\t\t\t\t<div class=\"elementor-element elementor-element-b7bede6 elementor-widget elementor-widget-html\" data-id=\"b7bede6\" data-element_type=\"widget\" data-widget_type=\"html.default\">\n\t\t\t\t<div class=\"elementor-widget-container\">\n\t\t\t\t\t<p><iframe src=\"https:\/\/www.google.com\/maps\/d\/embed?mid=1Wu9aZ5Tvpn3ZtZPmT-7OD5f64CXssd_7\" width=\"300\" height=\"300\"><\/iframe><\/p>\t\t\t\t<\/div>\n\t\t\t\t<\/div>\n\t\t\t\t\t<\/div>\n\t\t<\/div>\n\t\t\t\t<div class=\"elementor-column elementor-col-33 elementor-inner-column elementor-element elementor-element-e6ab8e4\" data-id=\"e6ab8e4\" data-element_type=\"column\">\n\t\t\t<div class=\"elementor-widget-wrap elementor-element-populated\">\n\t\t\t\t\t\t<div class=\"elementor-element elementor-element-728e154 elementor-widget elementor-widget-text-editor\" data-id=\"728e154\" data-element_type=\"widget\" data-widget_type=\"text-editor.default\">\n\t\t\t\t<div class=\"elementor-widget-container\">\n\t\t\t\t\t\t\t\t\t<p><strong>Santa Maria da Feira<\/strong><\/p><p>Terra com um castelo medieval surgiu importante no ponto de encontro de vias romanas aquando da ocupa\u00e7\u00e3o da Pen\u00ednsula.<\/p><p><strong>\u00a0<\/strong><\/p><p><strong>Castelo da Vila da Feira<\/strong><\/p><p>Todos os anos se realiza um festival sobre temas medievais<\/p><p>\u201cViagem medieval em terras de Santa Maria\u201d<\/p><p><strong>Passadi\u00e7os do Paiva<\/strong><\/p><p>\u00a0<\/p>\t\t\t\t\t\t\t\t<\/div>\n\t\t\t\t<\/div>\n\t\t\t\t<div class=\"elementor-element elementor-element-5622bfc elementor-widget elementor-widget-image\" data-id=\"5622bfc\" data-element_type=\"widget\" data-widget_type=\"image.default\">\n\t\t\t\t<div class=\"elementor-widget-container\">\n\t\t\t\t\t\t\t\t\t\t\t\t\t\t\t<img fetchpriority=\"high\" decoding=\"async\" width=\"768\" height=\"512\" src=\"https:\/\/patiocanelas.com\/patiowp\/wp-content\/uploads\/2022\/06\/ponte516-768x512.jpeg\" class=\"attachment-medium_large size-medium_large wp-image-4181\" alt=\"\" srcset=\"https:\/\/patiocanelas.com\/patiowp\/wp-content\/uploads\/2022\/06\/ponte516-768x512.jpeg 768w, https:\/\/patiocanelas.com\/patiowp\/wp-content\/uploads\/2022\/06\/ponte516-300x200.jpeg 300w, https:\/\/patiocanelas.com\/patiowp\/wp-content\/uploads\/2022\/06\/ponte516.jpeg 1000w\" sizes=\"(max-width: 768px) 100vw, 768px\" \/>\t\t\t\t\t\t\t\t\t\t\t\t\t\t\t<\/div>\n\t\t\t\t<\/div>\n\t\t\t\t<div class=\"elementor-element elementor-element-91b12dd elementor-widget elementor-widget-text-editor\" data-id=\"91b12dd\" data-element_type=\"widget\" data-widget_type=\"text-editor.default\">\n\t\t\t\t<div class=\"elementor-widget-container\">\n\t\t\t\t\t\t\t\t\t<p><span style=\"font-style: inherit; font-weight: inherit;\">A sua viagem ao longo de oito quil\u00f3metros de natureza em estado puro, come\u00e7a aqui.<\/span><\/p><p><em>The world&#8217;s longest suspension pedestrian bridge awaits you<\/em>:\u00a0<a href=\"https:\/\/516arouca.pt\/\" target=\"_blank\" rel=\"noopener\">https:\/\/516arouca.pt\/<\/a><\/p><p>Nota Conv\u00e9m fazer reservas de bilhetes on-line<\/p>\t\t\t\t\t\t\t\t<\/div>\n\t\t\t\t<\/div>\n\t\t\t\t\t<\/div>\n\t\t<\/div>\n\t\t\t\t<div class=\"elementor-column elementor-col-33 elementor-inner-column elementor-element elementor-element-659a387\" data-id=\"659a387\" data-element_type=\"column\">\n\t\t\t<div class=\"elementor-widget-wrap elementor-element-populated\">\n\t\t\t\t\t\t<div class=\"elementor-element elementor-element-7102c16 elementor-widget elementor-widget-text-editor\" data-id=\"7102c16\" data-element_type=\"widget\" data-widget_type=\"text-editor.default\">\n\t\t\t\t<div class=\"elementor-widget-container\">\n\t\t\t\t\t\t\t\t\t<p><strong>Arouca<\/strong><\/p><p><strong>\u00a0<\/strong><\/p><p>Povoa\u00e7\u00e3o com o seu mosteiro<\/p><p>Restaurantes recomendados:<\/p><p>Parlamento<br \/>Alto da Estrada<\/p><p>\u00a0<\/p><p><strong>Arouca Geopark<\/strong><\/p><p>Serra de Freita<\/p><p>Atravessar os seus caminhos significa ir ao encontro de pontos da hist\u00f3ria destas terras, como a Mamoa da Portela da Anta, de pequenas aldeias que se encaixam na paisagem, de fen\u00f3menos \u00fanicos no mundo, como as Pedras Parideias, e de paisagens de cortar a respira\u00e7\u00e3o, como junto \u00e0 Frecha da Mizarela.<\/p>\t\t\t\t\t\t\t\t<\/div>\n\t\t\t\t<\/div>\n\t\t\t\t<div class=\"elementor-element elementor-element-b5da761 elementor-widget elementor-widget-image\" data-id=\"b5da761\" data-element_type=\"widget\" data-widget_type=\"image.default\">\n\t\t\t\t<div class=\"elementor-widget-container\">\n\t\t\t\t\t\t\t\t\t\t\t\t\t\t\t<img decoding=\"async\" width=\"300\" height=\"199\" src=\"https:\/\/patiocanelas.com\/patiowp\/wp-content\/uploads\/2021\/11\/Pedras-Parideiras-300x199.jpg\" class=\"attachment-medium size-medium wp-image-3291\" alt=\"\" srcset=\"https:\/\/patiocanelas.com\/patiowp\/wp-content\/uploads\/2021\/11\/Pedras-Parideiras-300x199.jpg 300w, https:\/\/patiocanelas.com\/patiowp\/wp-content\/uploads\/2021\/11\/Pedras-Parideiras.jpg 344w\" sizes=\"(max-width: 300px) 100vw, 300px\" \/>\t\t\t\t\t\t\t\t\t\t\t\t\t\t\t<\/div>\n\t\t\t\t<\/div>\n\t\t\t\t\t<\/div>\n\t\t<\/div>\n\t\t\t\t\t<\/div>\n\t\t<\/section>\n\t\t\t\t<div class=\"elementor-element elementor-element-3820f90 elementor-widget elementor-widget-heading\" data-id=\"3820f90\" data-element_type=\"widget\" data-widget_type=\"heading.default\">\n\t\t\t\t<div class=\"elementor-widget-container\">\n\t\t\t\t\t<h2 class=\"elementor-heading-title elementor-size-default\">AVEIRO - a Cidade<\/h2>\t\t\t\t<\/div>\n\t\t\t\t<\/div>\n\t\t\t\t<section class=\"elementor-section elementor-inner-section elementor-element elementor-element-84be09f elementor-section-full_width elementor-section-height-default elementor-section-height-default\" data-id=\"84be09f\" data-element_type=\"section\">\n\t\t\t\t\t\t<div class=\"elementor-container elementor-column-gap-default\">\n\t\t\t\t\t<div class=\"elementor-column elementor-col-33 elementor-inner-column elementor-element elementor-element-05e9878\" data-id=\"05e9878\" data-element_type=\"column\">\n\t\t\t<div class=\"elementor-widget-wrap elementor-element-populated\">\n\t\t\t\t\t\t<div class=\"elementor-element elementor-element-d43b896 elementor-widget elementor-widget-image\" data-id=\"d43b896\" data-element_type=\"widget\" data-widget_type=\"image.default\">\n\t\t\t\t<div class=\"elementor-widget-container\">\n\t\t\t\t\t\t\t\t\t\t\t\t\t\t\t<img decoding=\"async\" width=\"768\" height=\"512\" src=\"https:\/\/patiocanelas.com\/patiowp\/wp-content\/uploads\/2022\/06\/Aveiro-768x512.jpg\" class=\"attachment-medium_large size-medium_large wp-image-4158\" alt=\"\" srcset=\"https:\/\/patiocanelas.com\/patiowp\/wp-content\/uploads\/2022\/06\/Aveiro-768x512.jpg 768w, https:\/\/patiocanelas.com\/patiowp\/wp-content\/uploads\/2022\/06\/Aveiro-300x200.jpg 300w, https:\/\/patiocanelas.com\/patiowp\/wp-content\/uploads\/2022\/06\/Aveiro.jpg 1304w\" sizes=\"(max-width: 768px) 100vw, 768px\" \/>\t\t\t\t\t\t\t\t\t\t\t\t\t\t\t<\/div>\n\t\t\t\t<\/div>\n\t\t\t\t<div class=\"elementor-element elementor-element-f4f0a2a elementor-widget elementor-widget-html\" data-id=\"f4f0a2a\" data-element_type=\"widget\" data-widget_type=\"html.default\">\n\t\t\t\t<div class=\"elementor-widget-container\">\n\t\t\t\t\t<iframe src=\"https:\/\/www.google.com\/maps\/d\/embed?mid=1kIljyubtdlZkYcYLALjycZdoQIP2UUjG\" width=\"640\" height=\"480\"><\/iframe>\t\t\t\t<\/div>\n\t\t\t\t<\/div>\n\t\t\t\t\t<\/div>\n\t\t<\/div>\n\t\t\t\t<div class=\"elementor-column elementor-col-33 elementor-inner-column elementor-element elementor-element-b20fc27\" data-id=\"b20fc27\" data-element_type=\"column\">\n\t\t\t<div class=\"elementor-widget-wrap elementor-element-populated\">\n\t\t\t\t\t\t<div class=\"elementor-element elementor-element-0e42bcd elementor-widget elementor-widget-text-editor\" data-id=\"0e42bcd\" data-element_type=\"widget\" data-widget_type=\"text-editor.default\">\n\t\t\t\t<div class=\"elementor-widget-container\">\n\t\t\t\t\t\t\t\t\t<p><strong>Cidade<\/strong><br \/>Junto ao mar e \u00e0 ria, Aveiro \u00e9 atravessada por uma rede de canais, por onde passeiam barcos moliceiros, o que lhe confere uma atmosfera particular. <br \/>Estas embarca\u00e7\u00f5es, esguias e coloridas, serviam antigamente para recolher algas e sarga\u00e7o -o moli\u00e7o, mas hoje em dia s\u00e3o usadas em passeios tur\u00edsticos.<\/p><p>\u00c9 a capital do distrito, tem bom com\u00e9rcio e centros de abastecimento variados: supermercados, farm\u00e1cias e pequenas lojas de com\u00e9rcio tradicional.<\/p><p>A Restaura\u00e7\u00e3o e bares apresenta muita escolha e para todos os gostos.<\/p><ul><li>PEIXE<\/li><li>A NOSSA CASA<\/li><li>LEGADO DA RIA<\/li><li>Comida t\u00edpica<\/li><li>O Telheiro<\/li><\/ul><p>Pastelarias<\/p><ul><li>Ramos<\/li><li>Latina<\/li><li>Peixinho<\/li><li>Maria d apresenta\u00e7\u00e3o<\/li><li>Rossio<\/li><\/ul><p>Passeios poss\u00edveis na cidade<br \/>A p\u00e9<br \/>De barco moliceiro pelos canais centrais<br \/>De pequeno comboio ou tuk-tuk<br \/>De BUGA (bicicletas gratuitas)<br \/>Com guia e personalizados: consultar site da <em>Aveiro Walking Tour<\/em> <\/p>\t\t\t\t\t\t\t\t<\/div>\n\t\t\t\t<\/div>\n\t\t\t\t\t<\/div>\n\t\t<\/div>\n\t\t\t\t<div class=\"elementor-column elementor-col-33 elementor-inner-column elementor-element elementor-element-095c911\" data-id=\"095c911\" data-element_type=\"column\">\n\t\t\t<div class=\"elementor-widget-wrap elementor-element-populated\">\n\t\t\t\t\t\t<div class=\"elementor-element elementor-element-e9cfd24 elementor-widget elementor-widget-image\" data-id=\"e9cfd24\" data-element_type=\"widget\" data-widget_type=\"image.default\">\n\t\t\t\t<div class=\"elementor-widget-container\">\n\t\t\t\t\t\t\t\t\t\t\t\t\t\t\t<img loading=\"lazy\" decoding=\"async\" width=\"589\" height=\"391\" src=\"https:\/\/patiocanelas.com\/patiowp\/wp-content\/uploads\/2022\/06\/Estacao-Aveiro.jpg\" class=\"attachment-large size-large wp-image-4159\" alt=\"\" srcset=\"https:\/\/patiocanelas.com\/patiowp\/wp-content\/uploads\/2022\/06\/Estacao-Aveiro.jpg 589w, https:\/\/patiocanelas.com\/patiowp\/wp-content\/uploads\/2022\/06\/Estacao-Aveiro-300x199.jpg 300w\" sizes=\"(max-width: 589px) 100vw, 589px\" \/>\t\t\t\t\t\t\t\t\t\t\t\t\t\t\t<\/div>\n\t\t\t\t<\/div>\n\t\t\t\t<div class=\"elementor-element elementor-element-552db8b elementor-widget elementor-widget-text-editor\" data-id=\"552db8b\" data-element_type=\"widget\" data-widget_type=\"text-editor.default\">\n\t\t\t\t<div class=\"elementor-widget-container\">\n\t\t\t\t\t\t\t\t\t<p>Aveiro tem v\u00e1rios pontos de interesse e de visita obrigat\u00f3ria que a seguir se enumeram.<\/p><ul><li>Esta\u00e7\u00e3o (azulejos figurativos)<\/li><li>Ponte Pra\u00e7a<\/li><li>Casas de Arte Nova<\/li><li>Rossio<\/li><li>Bairro da Beira Mar e Mercado do Peixe<\/li><li>Igreja da Vera Cruz<\/li><li>S\u00e9<\/li><li>Museu e Capela de Jesus (anexa ao Museu)<\/li><li>Parque Infante D. Pedro<\/li><li>Igreja das Barrocas<\/li><li>Universidade<\/li><li>Pastelarias de doces regionais (ovos moles=<\/li><\/ul><p><strong>Passadi\u00e7os de Aveiro<\/strong><\/p>\t\t\t\t\t\t\t\t<\/div>\n\t\t\t\t<\/div>\n\t\t\t\t<div class=\"elementor-element elementor-element-8834959 elementor-widget elementor-widget-image\" data-id=\"8834959\" data-element_type=\"widget\" data-widget_type=\"image.default\">\n\t\t\t\t<div class=\"elementor-widget-container\">\n\t\t\t\t\t\t\t\t\t\t\t\t\t\t\t<img loading=\"lazy\" decoding=\"async\" width=\"800\" height=\"536\" src=\"https:\/\/patiocanelas.com\/patiowp\/wp-content\/uploads\/2022\/06\/Sal-e-passadicos.jpg\" class=\"attachment-large size-large wp-image-4166\" alt=\"\" srcset=\"https:\/\/patiocanelas.com\/patiowp\/wp-content\/uploads\/2022\/06\/Sal-e-passadicos.jpg 800w, https:\/\/patiocanelas.com\/patiowp\/wp-content\/uploads\/2022\/06\/Sal-e-passadicos-300x201.jpg 300w, https:\/\/patiocanelas.com\/patiowp\/wp-content\/uploads\/2022\/06\/Sal-e-passadicos-768x515.jpg 768w\" sizes=\"(max-width: 800px) 100vw, 800px\" \/>\t\t\t\t\t\t\t\t\t\t\t\t\t\t\t<\/div>\n\t\t\t\t<\/div>\n\t\t\t\t<div class=\"elementor-element elementor-element-245587f elementor-widget elementor-widget-text-editor\" data-id=\"245587f\" data-element_type=\"widget\" data-widget_type=\"text-editor.default\">\n\t\t\t\t<div class=\"elementor-widget-container\">\n\t\t\t\t\t\t\t\t\t<p>\u00a0<\/p><p>Inaugurados em 2018 os Passadi\u00e7os de Aveiro s\u00e3o hoje um destino incontorn\u00e1vel para todos os amantes da natureza que estejam de visita \u00e0 cidade de Aveiro.<\/p><p>Com in\u00edcio no Canal de S\u00e3o Roque (bem pertinho do centro da cidade de Aveiro) e t\u00e9rmino junto ao rio Vouga, em Vilarinho, os Passadi\u00e7os de Aveiro atravessam sapais, pequenos bosques e pinhais, brindando o visitante com vistas soberbas sobre a maravilha natural que \u00e9 a Ria de Aveiro com a sua peculiar fauna e flora.<\/p><p><a href=\"https:\/\/www.itinari.com\/a-perfect-walk-in-aveiro-passadicos-kpvo\" target=\"_blank\" rel=\"noopener\">https:\/\/www.itinari.com\/a-perfect-walk-in-aveiro-passadicos-kpvo<\/a><\/p><p>Nota O protetor solar \u00e9 essencial durante os meses de Ver\u00e3o!<\/p>\t\t\t\t\t\t\t\t<\/div>\n\t\t\t\t<\/div>\n\t\t\t\t\t<\/div>\n\t\t<\/div>\n\t\t\t\t\t<\/div>\n\t\t<\/section>\n\t\t\t\t\t<\/div>\n\t\t<\/div>\n\t\t\t\t\t<\/div>\n\t\t<\/section>\n\t\t\t\t<section class=\"elementor-section elementor-top-section elementor-element elementor-element-4fd1471 elementor-section-full_width elementor-section-height-default elementor-section-height-default\" data-id=\"4fd1471\" data-element_type=\"section\">\n\t\t\t\t\t\t<div class=\"elementor-container elementor-column-gap-default\">\n\t\t\t\t\t<div class=\"elementor-column elementor-col-100 elementor-top-column elementor-element elementor-element-7250843\" data-id=\"7250843\" data-element_type=\"column\">\n\t\t\t<div class=\"elementor-widget-wrap elementor-element-populated\">\n\t\t\t\t\t\t<div class=\"elementor-element elementor-element-0e0540e elementor-widget elementor-widget-heading\" data-id=\"0e0540e\" data-element_type=\"widget\" data-widget_type=\"heading.default\">\n\t\t\t\t<div class=\"elementor-widget-container\">\n\t\t\t\t\t<h2 class=\"elementor-heading-title elementor-size-default\">Ria de AVEIRO NORTE<\/h2>\t\t\t\t<\/div>\n\t\t\t\t<\/div>\n\t\t\t\t<section class=\"elementor-section elementor-inner-section elementor-element elementor-element-b903410 elementor-section-full_width elementor-section-height-default elementor-section-height-default\" data-id=\"b903410\" data-element_type=\"section\">\n\t\t\t\t\t\t<div class=\"elementor-container elementor-column-gap-default\">\n\t\t\t\t\t<div class=\"elementor-column elementor-col-33 elementor-inner-column elementor-element elementor-element-f5c14a7\" data-id=\"f5c14a7\" data-element_type=\"column\">\n\t\t\t<div class=\"elementor-widget-wrap elementor-element-populated\">\n\t\t\t\t\t\t<div class=\"elementor-element elementor-element-6ebb784 elementor-widget elementor-widget-html\" data-id=\"6ebb784\" data-element_type=\"widget\" data-widget_type=\"html.default\">\n\t\t\t\t<div class=\"elementor-widget-container\">\n\t\t\t\t\t<p><iframe src=\"https:\/\/www.google.com\/maps\/d\/embed?mid=1fEJdQZiixmZS0SrK3-Y3DLLfOEQ1jXak\" width=\"300\" height=\"300\"><\/iframe><\/p>\t\t\t\t<\/div>\n\t\t\t\t<\/div>\n\t\t\t\t\t<\/div>\n\t\t<\/div>\n\t\t\t\t<div class=\"elementor-column elementor-col-33 elementor-inner-column elementor-element elementor-element-696cdef\" data-id=\"696cdef\" data-element_type=\"column\">\n\t\t\t<div class=\"elementor-widget-wrap elementor-element-populated\">\n\t\t\t\t\t\t<div class=\"elementor-element elementor-element-fd03825 elementor-widget elementor-widget-text-editor\" data-id=\"fd03825\" data-element_type=\"widget\" data-widget_type=\"text-editor.default\">\n\t\t\t\t<div class=\"elementor-widget-container\">\n\t\t\t\t\t\t\t\t\t<p><strong>Estarreja<\/strong><\/p><p>\u00c9 a cidade sede do concelho, com uma bonita pra\u00e7a central e um agrad\u00e1vel parque junto ao rio Antu\u00e3; possui hospital, farm\u00e1cias, posto de gasolina e grandes superf\u00edcies de abastecimento.<\/p><p>Os percursos da BioRia <a href=\"https:\/\/www.bioria.com\">https:\/\/www.bioria.com<\/a><\/p><p><strong>Pardilh\u00f3<\/strong><\/p>\t\t\t\t\t\t\t\t<\/div>\n\t\t\t\t<\/div>\n\t\t\t\t<div class=\"elementor-element elementor-element-6857954 elementor-widget elementor-widget-image\" data-id=\"6857954\" data-element_type=\"widget\" data-widget_type=\"image.default\">\n\t\t\t\t<div class=\"elementor-widget-container\">\n\t\t\t\t\t\t\t\t\t\t\t\t\t\t\t<img loading=\"lazy\" decoding=\"async\" width=\"768\" height=\"512\" src=\"https:\/\/patiocanelas.com\/patiowp\/wp-content\/uploads\/2022\/06\/casa-do-tear-768x512.jpeg\" class=\"attachment-medium_large size-medium_large wp-image-4175\" alt=\"\" srcset=\"https:\/\/patiocanelas.com\/patiowp\/wp-content\/uploads\/2022\/06\/casa-do-tear-768x512.jpeg 768w, https:\/\/patiocanelas.com\/patiowp\/wp-content\/uploads\/2022\/06\/casa-do-tear-300x200.jpeg 300w, https:\/\/patiocanelas.com\/patiowp\/wp-content\/uploads\/2022\/06\/casa-do-tear.jpeg 1280w\" sizes=\"(max-width: 768px) 100vw, 768px\" \/>\t\t\t\t\t\t\t\t\t\t\t\t\t\t\t<\/div>\n\t\t\t\t<\/div>\n\t\t\t\t<div class=\"elementor-element elementor-element-8b7ef9e elementor-widget elementor-widget-text-editor\" data-id=\"8b7ef9e\" data-element_type=\"widget\" data-widget_type=\"text-editor.default\">\n\t\t\t\t<div class=\"elementor-widget-container\">\n\t\t\t\t\t\t\t\t\t<p><span style=\"font-style: inherit; font-weight: inherit;\">Em Pardilh\u00f3 destaca-se al\u00e9m da paisagem lagunar com os seus passadi\u00e7os, a <\/span><strong style=\"font-style: inherit;\">Casa do Tear<\/strong><span style=\"font-style: inherit; font-weight: inherit;\"> onde pode aproveitar os momentos de relaxe de um bom snack e a visita a um lugar \u00fanico na regi\u00e3o de trabalho artesanal de tear<\/span><\/p><p><strong>Avanca<\/strong><\/p><p>Casa Museu Egas Moniz<\/p><p>Egas Moniz Pr\u00e9mio Nobel da Medicina em 1949, quis, em testamento, que a sua casa, fosse destinadas a Casa-Museu e Escola de Artes e Of\u00edcios. A casa-museu evoca os estudos que valeram a este m\u00e9dico portugu\u00eas a distin\u00e7\u00e3o recebida da Academia de Estocolmo.<\/p>\t\t\t\t\t\t\t\t<\/div>\n\t\t\t\t<\/div>\n\t\t\t\t\t<\/div>\n\t\t<\/div>\n\t\t\t\t<div class=\"elementor-column elementor-col-33 elementor-inner-column elementor-element elementor-element-ebf888e\" data-id=\"ebf888e\" data-element_type=\"column\">\n\t\t\t<div class=\"elementor-widget-wrap elementor-element-populated\">\n\t\t\t\t\t\t<div class=\"elementor-element elementor-element-4a514ff elementor-widget elementor-widget-image\" data-id=\"4a514ff\" data-element_type=\"widget\" data-widget_type=\"image.default\">\n\t\t\t\t<div class=\"elementor-widget-container\">\n\t\t\t\t\t\t\t\t\t\t\t\t\t\t\t<img loading=\"lazy\" decoding=\"async\" width=\"750\" height=\"519\" src=\"https:\/\/patiocanelas.com\/patiowp\/wp-content\/uploads\/2022\/06\/arte-xavega.jpeg\" class=\"attachment-medium_large size-medium_large wp-image-4177\" alt=\"\" srcset=\"https:\/\/patiocanelas.com\/patiowp\/wp-content\/uploads\/2022\/06\/arte-xavega.jpeg 750w, https:\/\/patiocanelas.com\/patiowp\/wp-content\/uploads\/2022\/06\/arte-xavega-300x208.jpeg 300w\" sizes=\"(max-width: 750px) 100vw, 750px\" \/>\t\t\t\t\t\t\t\t\t\t\t\t\t\t\t<\/div>\n\t\t\t\t<\/div>\n\t\t\t\t<div class=\"elementor-element elementor-element-c74f4e8 elementor-widget elementor-widget-text-editor\" data-id=\"c74f4e8\" data-element_type=\"widget\" data-widget_type=\"text-editor.default\">\n\t\t\t\t<div class=\"elementor-widget-container\">\n\t\t\t\t\t\t\t\t\t<p><strong>Torreira<\/strong><\/p><p>\u00c9 a nossa praia de sempre entre o mar e a ria desde a inf\u00e2ncia dos nossos Av\u00f3s at\u00e9 aos nossos dias!<\/p><p>Aqui pode tamb\u00e9m ser observada a interessante pesca artesanal conhecida por ARTE X\u00c1VEGA.<\/p><p>Para uma boa refei\u00e7\u00e3o recomendamos o restaurante \u201cAvenida Praia\u201d.<\/p><p><strong>Dunas de S. Jacinto<\/strong><\/p><p>\u00c9 uma Reserva Natural de Dunas situada no extremo da pen\u00ednsula que se estende entre Ovar e a povoa\u00e7\u00e3o de S\u00e3o Jacinto, limitada a poente pelo oceano Atl\u00e2ntico e a nascente pelo bra\u00e7o Norte da Ria de Aveiro.<\/p><p>Restaurante recomendado<\/p><p>A Peixaria<\/p>\t\t\t\t\t\t\t\t<\/div>\n\t\t\t\t<\/div>\n\t\t\t\t\t<\/div>\n\t\t<\/div>\n\t\t\t\t\t<\/div>\n\t\t<\/section>\n\t\t\t\t\t<\/div>\n\t\t<\/div>\n\t\t\t\t\t<\/div>\n\t\t<\/section>\n\t\t\t\t<section class=\"elementor-section elementor-top-section elementor-element elementor-element-8ba8a36 elementor-section-full_width elementor-section-height-default elementor-section-height-default\" data-id=\"8ba8a36\" data-element_type=\"section\">\n\t\t\t\t\t\t<div class=\"elementor-container elementor-column-gap-default\">\n\t\t\t\t\t<div class=\"elementor-column elementor-col-100 elementor-top-column elementor-element elementor-element-843d243\" data-id=\"843d243\" data-element_type=\"column\">\n\t\t\t<div class=\"elementor-widget-wrap elementor-element-populated\">\n\t\t\t\t\t\t<div class=\"elementor-element elementor-element-fe1aade elementor-widget elementor-widget-heading\" data-id=\"fe1aade\" data-element_type=\"widget\" data-widget_type=\"heading.default\">\n\t\t\t\t<div class=\"elementor-widget-container\">\n\t\t\t\t\t<h2 class=\"elementor-heading-title elementor-size-default\">Ria de AVEIRO SUL<\/h2>\t\t\t\t<\/div>\n\t\t\t\t<\/div>\n\t\t\t\t<section class=\"elementor-section elementor-inner-section elementor-element elementor-element-5025a05 elementor-section-full_width elementor-section-height-default elementor-section-height-default\" data-id=\"5025a05\" data-element_type=\"section\">\n\t\t\t\t\t\t<div class=\"elementor-container elementor-column-gap-default\">\n\t\t\t\t\t<div class=\"elementor-column elementor-col-33 elementor-inner-column elementor-element elementor-element-9ceff86\" data-id=\"9ceff86\" data-element_type=\"column\">\n\t\t\t<div class=\"elementor-widget-wrap elementor-element-populated\">\n\t\t\t\t\t\t<div class=\"elementor-element elementor-element-733b6b8 elementor-widget elementor-widget-image\" data-id=\"733b6b8\" data-element_type=\"widget\" data-widget_type=\"image.default\">\n\t\t\t\t<div class=\"elementor-widget-container\">\n\t\t\t\t\t\t\t\t\t\t\t\t\t\t\t<img loading=\"lazy\" decoding=\"async\" width=\"768\" height=\"512\" src=\"https:\/\/patiocanelas.com\/patiowp\/wp-content\/uploads\/2022\/06\/costa-nova-768x512.jpeg\" class=\"attachment-medium_large size-medium_large wp-image-4170\" alt=\"\" srcset=\"https:\/\/patiocanelas.com\/patiowp\/wp-content\/uploads\/2022\/06\/costa-nova-768x512.jpeg 768w, https:\/\/patiocanelas.com\/patiowp\/wp-content\/uploads\/2022\/06\/costa-nova-300x200.jpeg 300w, https:\/\/patiocanelas.com\/patiowp\/wp-content\/uploads\/2022\/06\/costa-nova.jpeg 800w\" sizes=\"(max-width: 768px) 100vw, 768px\" \/>\t\t\t\t\t\t\t\t\t\t\t\t\t\t\t<\/div>\n\t\t\t\t<\/div>\n\t\t\t\t<div class=\"elementor-element elementor-element-6f6a1fc elementor-widget elementor-widget-html\" data-id=\"6f6a1fc\" data-element_type=\"widget\" data-widget_type=\"html.default\">\n\t\t\t\t<div class=\"elementor-widget-container\">\n\t\t\t\t\t<p><iframe src=\"https:\/\/www.google.com\/maps\/d\/embed?mid=1FKP07KGXed3PpBU088UM1N3JoiwCc-Kx\" width=\"300\" height=\"300\"><\/iframe><\/p>\t\t\t\t<\/div>\n\t\t\t\t<\/div>\n\t\t\t\t\t<\/div>\n\t\t<\/div>\n\t\t\t\t<div class=\"elementor-column elementor-col-33 elementor-inner-column elementor-element elementor-element-2c5780d\" data-id=\"2c5780d\" data-element_type=\"column\">\n\t\t\t<div class=\"elementor-widget-wrap elementor-element-populated\">\n\t\t\t\t\t\t<div class=\"elementor-element elementor-element-05cbf31 elementor-widget elementor-widget-text-editor\" data-id=\"05cbf31\" data-element_type=\"widget\" data-widget_type=\"text-editor.default\">\n\t\t\t\t<div class=\"elementor-widget-container\">\n\t\t\t\t\t\t\t\t\t<p><strong>Barra<\/strong><\/p><p>Praia com o seu farol que est\u00e1 aberto ao p\u00fablico.<\/p><p><strong>Costa Nova<\/strong><\/p><p>O\u00a0ex-libris\u00a0desta praia s\u00e3o os &#8220;palheiros&#8221; &#8211; casas com listas verticais ou horizontais intercaladas, num misto de cor e de alegria.<\/p><p>\u00c9 uma das excelentes praias portuguesas para a pr\u00e1tica de desportos n\u00e1uticos, j\u00e1 que, al\u00e9m da frente atl\u00e2ntica, tem uma frente ribeirinha para o Canal de Mira da Ria de Aveiro.<\/p><p>Restaurante recomendado: Dori, por cima do mercado do peixe (fecha \u00e0s segundas feiras).<\/p><p><strong>Vagueira<\/strong><\/p><p>Praia onde se pratica a interessante pesca artesanal conhecida por ARTE X\u00c1VEGA.<\/p>\t\t\t\t\t\t\t\t<\/div>\n\t\t\t\t<\/div>\n\t\t\t\t\t<\/div>\n\t\t<\/div>\n\t\t\t\t<div class=\"elementor-column elementor-col-33 elementor-inner-column elementor-element elementor-element-e761688\" data-id=\"e761688\" data-element_type=\"column\">\n\t\t\t<div class=\"elementor-widget-wrap elementor-element-populated\">\n\t\t\t\t\t\t<div class=\"elementor-element elementor-element-8c4caaa elementor-widget elementor-widget-text-editor\" data-id=\"8c4caaa\" data-element_type=\"widget\" data-widget_type=\"text-editor.default\">\n\t\t\t\t<div class=\"elementor-widget-container\">\n\t\t\t\t\t\t\t\t\t<p><strong>\u00cdlhavo<\/strong><\/p><p>Museu Mar\u00edtimo de \u00cdlhavo<\/p><p>\u00a0<\/p><p>Vista Alegre (VA)<\/p><p>Local onde desde h\u00e1 cerca de dois s\u00e9culos se fabrica a melhor porcelana portuguesa (VA).<\/p><p>Possui um Museu da Porcelana cuja entrada permite ainda ver a bonita capelinha e as oficinas de pintura \u00e1 m\u00e3o, uma loja com as pe\u00e7as tradicionais e \u00faltimas cria\u00e7\u00f5es que t\u00eam recebido importantes pr\u00e9mios internacionais, uma loja de cer\u00e2mica Bordallo Pinheiro e ainda um outlet de loi\u00e7a utilit\u00e1ria.<\/p><p>Possui ainda um hotel de 5 estrelas com restaurante e cafeteria.<\/p>\t\t\t\t\t\t\t\t<\/div>\n\t\t\t\t<\/div>\n\t\t\t\t\t<\/div>\n\t\t<\/div>\n\t\t\t\t\t<\/div>\n\t\t<\/section>\n\t\t\t\t\t<\/div>\n\t\t<\/div>\n\t\t\t\t\t<\/div>\n\t\t<\/section>\n\t\t\t\t<\/div>\n\t\t","protected":false},"excerpt":{"rendered":"<p>Sugest\u00e3o de Passeios &#8211; AVEIRO e RIA Click no canto superior direito de cada mapa para ver a p\u00e1gina inteira. Passeios AVEIRO Regi\u00e3o Norte Santa Maria da Feira Terra com um castelo medieval surgiu importante no ponto de encontro de vias romanas aquando da ocupa\u00e7\u00e3o da Pen\u00ednsula. \u00a0 Castelo da Vila da Feira Todos os [&hellip;]<\/p>\n","protected":false},"author":1,"featured_media":0,"parent":0,"menu_order":0,"comment_status":"closed","ping_status":"closed","template":"","meta":{"site-sidebar-layout":"no-sidebar","site-content-layout":"page-builder","ast-site-content-layout":"default","site-content-style":"default","site-sidebar-style":"default","ast-global-header-display":"","ast-banner-title-visibility":"","ast-main-header-display":"","ast-hfb-above-header-display":"","ast-hfb-below-header-display":"","ast-hfb-mobile-header-display":"","site-post-title":"disabled","ast-breadcrumbs-content":"","ast-featured-img":"disabled","footer-sml-layout":"","theme-transparent-header-meta":"disabled","adv-header-id-meta":"","stick-header-meta":"","header-above-stick-meta":"","header-main-stick-meta":"","header-below-stick-meta":"","astra-migrate-meta-layouts":"default","ast-page-background-enabled":"default","ast-page-background-meta":{"desktop":{"background-color":"","background-image":"","background-repeat":"repeat","background-position":"center center","background-size":"auto","background-attachment":"scroll","background-type":"","background-media":"","overlay-type":"","overlay-color":"","overlay-opacity":"","overlay-gradient":""},"tablet":{"background-color":"","background-image":"","background-repeat":"repeat","background-position":"center center","background-size":"auto","background-attachment":"scroll","background-type":"","background-media":"","overlay-type":"","overlay-color":"","overlay-opacity":"","overlay-gradient":""},"mobile":{"background-color":"","background-image":"","background-repeat":"repeat","background-position":"center center","background-size":"auto","background-attachment":"scroll","background-type":"","background-media":"","overlay-type":"","overlay-color":"","overlay-opacity":"","overlay-gradient":""}},"ast-content-background-meta":{"desktop":{"background-color":"var(--ast-global-color-5)","background-image":"","background-repeat":"repeat","background-position":"center center","background-size":"auto","background-attachment":"scroll","background-type":"","background-media":"","overlay-type":"","overlay-color":"","overlay-opacity":"","overlay-gradient":""},"tablet":{"background-color":"var(--ast-global-color-5)","background-image":"","background-repeat":"repeat","background-position":"center center","background-size":"auto","background-attachment":"scroll","background-type":"","background-media":"","overlay-type":"","overlay-color":"","overlay-opacity":"","overlay-gradient":""},"mobile":{"background-color":"var(--ast-global-color-5)","background-image":"","background-repeat":"repeat","background-position":"center center","background-size":"auto","background-attachment":"scroll","background-type":"","background-media":"","overlay-type":"","overlay-color":"","overlay-opacity":"","overlay-gradient":""}},"ngg_post_thumbnail":0,"footnotes":""},"class_list":["post-3289","page","type-page","status-publish","hentry"],"_links":{"self":[{"href":"https:\/\/patiocanelas.com\/patiowp\/wp-json\/wp\/v2\/pages\/3289","targetHints":{"allow":["GET"]}}],"collection":[{"href":"https:\/\/patiocanelas.com\/patiowp\/wp-json\/wp\/v2\/pages"}],"about":[{"href":"https:\/\/patiocanelas.com\/patiowp\/wp-json\/wp\/v2\/types\/page"}],"author":[{"embeddable":true,"href":"https:\/\/patiocanelas.com\/patiowp\/wp-json\/wp\/v2\/users\/1"}],"replies":[{"embeddable":true,"href":"https:\/\/patiocanelas.com\/patiowp\/wp-json\/wp\/v2\/comments?post=3289"}],"version-history":[{"count":29,"href":"https:\/\/patiocanelas.com\/patiowp\/wp-json\/wp\/v2\/pages\/3289\/revisions"}],"predecessor-version":[{"id":4277,"href":"https:\/\/patiocanelas.com\/patiowp\/wp-json\/wp\/v2\/pages\/3289\/revisions\/4277"}],"wp:attachment":[{"href":"https:\/\/patiocanelas.com\/patiowp\/wp-json\/wp\/v2\/media?parent=3289"}],"curies":[{"name":"wp","href":"https:\/\/api.w.org\/{rel}","templated":true}]}}